{"id":8,"date":"2025-03-04T09:33:40","date_gmt":"2025-03-04T09:33:40","guid":{"rendered":"https:\/\/theblackparlourtattoo.se\/?page_id=8"},"modified":"2026-02-13T12:06:02","modified_gmt":"2026-02-13T12:06:02","slug":"home","status":"publish","type":"page","link":"https:\/\/theblackparlourtattoo.se\/en\/","title":{"rendered":"Home"},"content":{"rendered":"\n<div class=\"wp-block-cover alignfull is-light has-aspect-ratio\" style=\"margin-top:0;margin-bottom:0;padding-top:0;padding-right:var(--wp--preset--spacing--50);padding-bottom:0;padding-left:var(--wp--preset--spacing--50);min-height:720px;aspect-ratio:auto;min-height:unset;\"><span aria-hidden=\"true\" class=\"wp-block-cover__background has-background-dim-0 has-background-dim\"><\/span><div class=\"wp-block-cover__inner-container is-layout-flow wp-container-core-cover-is-layout-38f97ec8 wp-block-cover-is-layout-flow\">\n<div class=\"inherit-container-width wp-block-group alignwide is-layout-constrained wp-block-group-is-layout-constrained\">\n<div class=\"wp-block-media-text alignwide has-media-on-the-right is-stacked-on-mobile is-vertically-aligned-top\" style=\"margin-top:0;margin-bottom:0;padding-right:var(--wp--preset--spacing--50);padding-left:var(--wp--preset--spacing--50);grid-template-columns:auto 35%\"><div class=\"wp-block-media-text__content\">\n<h1 class=\"wp-block-heading has-text-align-left welcome\">THE BL\u00c4CK PARLOUR TATTOO g\u00f6teborg<\/h1>\n\n\n\n<p class=\"has-white-color has-text-color\">Welcome to our brand new tattoo studio that is located in the heart of Gothenburg! <\/p>\n\n\n\n<p class=\"has-white-color has-text-color\">THE BL\u00c4CK PARLOUR in G\u00f6teborg, Sweden is a Tattoo Parlour owned by Mieke De Vlieger, with seven years of experience in the world of tattooing.<\/p>\n\n\n\n<p class=\"has-white-color has-text-color\">We are dedicated to provide you with top-notch service and personalised tattoo designs right here in G\u00f6teborg, Sweden. From small to large tattoos, we specialize in various styles.<\/p>\n\n\n\n<p class=\"has-white-color has-text-color\">Don\u2019t hesitate to reach out and inquire about the style you\u2019re looking for!<\/p>\n\n\n\n<div class=\"wp-block-buttons is-layout-flex wp-block-buttons-is-layout-flex\">\n<div class=\"wp-block-button\"><a class=\"wp-block-button__link wp-element-button\" href=\"https:\/\/theblackparlourtattoo.se\/contact\/\">Contact me<\/a><\/div>\n<\/div>\n<\/div><figure class=\"wp-block-media-text__media\"><img loading=\"lazy\" decoding=\"async\" width=\"817\" height=\"1024\" src=\"https:\/\/theblackparlourtattoo.se\/wp-content\/uploads\/2025\/03\/Skarmbild-2025-03-03-154222-817x1024.jpg\" alt=\"Mieke De Vlieger, The Bl\u00e4ck Parlour Tattoo G\u00f6teborg\" class=\"wp-image-37 size-full\" srcset=\"https:\/\/theblackparlourtattoo.se\/wp-content\/uploads\/2025\/03\/Skarmbild-2025-03-03-154222-817x1024.jpg 817w, https:\/\/theblackparlourtattoo.se\/wp-content\/uploads\/2025\/03\/Skarmbild-2025-03-03-154222-239x300.jpg 239w, https:\/\/theblackparlourtattoo.se\/wp-content\/uploads\/2025\/03\/Skarmbild-2025-03-03-154222-768x963.jpg 768w, https:\/\/theblackparlourtattoo.se\/wp-content\/uploads\/2025\/03\/Skarmbild-2025-03-03-154222.jpg 947w\" sizes=\"auto, (max-width: 817px) 100vw, 817px\" \/><\/figure><\/div>\n<\/div>\n<\/div><\/div>\n\n\n\n<div style=\"height:62px\" aria-hidden=\"true\" class=\"wp-block-spacer\"><\/div>\n\n\n\n<hr class=\"wp-block-separator has-alpha-channel-opacity\" style=\"margin-top:var(--wp--preset--spacing--50);margin-bottom:var(--wp--preset--spacing--50)\"\/>\n\n\n\n<div class=\"wp-block-group alignfull is-layout-constrained wp-container-core-group-is-layout-d02d563e wp-block-group-is-layout-constrained\" id=\"services\" style=\"padding-top:50px;padding-bottom:0px\">\n<h2 class=\"wp-block-heading has-text-align-center\">The studio in g\u00f6teborg<\/h2>\n\n\n\n<div class=\"wp-block-columns is-layout-flex wp-container-core-columns-is-layout-60cbf9bb wp-block-columns-is-layout-flex\" style=\"margin-top:50px\">\n<div class=\"wp-block-column is-layout-flow wp-container-core-column-is-layout-6b73ce23 wp-block-column-is-layout-flow\">\n<figure class=\"wp-block-image size-full\"><img loading=\"lazy\" decoding=\"async\" width=\"453\" height=\"558\" src=\"https:\/\/theblackparlourtattoo.se\/wp-content\/uploads\/2025\/03\/Skarmbild-2025-03-05-074338.jpg\" alt=\"THE BL\u00c4CK PARLOUR TATTOO G\u00f6teborg, inside the studio\" class=\"wp-image-100\" style=\"aspect-ratio:3\/4;object-fit:cover\" srcset=\"https:\/\/theblackparlourtattoo.se\/wp-content\/uploads\/2025\/03\/Skarmbild-2025-03-05-074338.jpg 453w, https:\/\/theblackparlourtattoo.se\/wp-content\/uploads\/2025\/03\/Skarmbild-2025-03-05-074338-244x300.jpg 244w, https:\/\/theblackparlourtattoo.se\/wp-content\/uploads\/2025\/03\/Skarmbild-2025-03-05-074338-10x12.jpg 10w\" sizes=\"auto, (max-width: 453px) 100vw, 453px\" \/><\/figure>\n\n\n\n<h3 class=\"wp-block-heading has-text-align-center\" style=\"margin-top:16px\">Book now!<\/h3>\n\n\n\n<p class=\"has-text-align-center has-white-color has-text-color has-link-color wp-elements-b4f565380538d90838f95df92d878c98\">To ensure the best possible experience, we recommend booking an appointment in advance, especially for custom designs and larger pieces.<\/p>\n<\/div>\n\n\n\n<div class=\"wp-block-column is-layout-flow wp-container-core-column-is-layout-6b73ce23 wp-block-column-is-layout-flow\">\n<figure class=\"wp-block-image size-full\"><img loading=\"lazy\" decoding=\"async\" width=\"1036\" height=\"1671\" src=\"https:\/\/theblackparlourtattoo.se\/wp-content\/uploads\/2025\/06\/bp-skylt.jpg\" alt=\"The Bl\u00e4ck Parlour Tattoo G\u00f6teborg\" class=\"wp-image-382\" style=\"aspect-ratio:3\/4;object-fit:cover\" srcset=\"https:\/\/theblackparlourtattoo.se\/wp-content\/uploads\/2025\/06\/bp-skylt.jpg 1036w, https:\/\/theblackparlourtattoo.se\/wp-content\/uploads\/2025\/06\/bp-skylt-186x300.jpg 186w, https:\/\/theblackparlourtattoo.se\/wp-content\/uploads\/2025\/06\/bp-skylt-635x1024.jpg 635w, https:\/\/theblackparlourtattoo.se\/wp-content\/uploads\/2025\/06\/bp-skylt-768x1239.jpg 768w, https:\/\/theblackparlourtattoo.se\/wp-content\/uploads\/2025\/06\/bp-skylt-952x1536.jpg 952w, https:\/\/theblackparlourtattoo.se\/wp-content\/uploads\/2025\/06\/bp-skylt-7x12.jpg 7w\" sizes=\"auto, (max-width: 1036px) 100vw, 1036px\" \/><\/figure>\n\n\n\n<h3 class=\"wp-block-heading has-text-align-center\" style=\"margin-top:16px\">Flash Day Events, Promotions &amp; Guest Artist Announcements<\/h3>\n\n\n\n<p class=\"has-text-align-center has-white-color has-text-color has-link-color wp-elements-b03edfa0347dae71110a4f663620a130\">Follow us on Instagram @theblackparlourtattoo to be the first to know about upcoming guest artist appearances, their portfolios, and booking details.<\/p>\n<\/div>\n\n\n\n<div class=\"wp-block-column is-layout-flow wp-container-core-column-is-layout-6b73ce23 wp-block-column-is-layout-flow\">\n<figure class=\"wp-block-image size-full\"><img loading=\"lazy\" decoding=\"async\" width=\"512\" height=\"640\" src=\"https:\/\/theblackparlourtattoo.se\/wp-content\/uploads\/2025\/03\/472874816_18367212955190821_8423757607765391471_n.jpg\" alt=\"The Bl\u00e4ck Parlour Tattoo G\u00f6teborg, Mieke\" class=\"wp-image-153\" style=\"aspect-ratio:3\/4;object-fit:cover\" srcset=\"https:\/\/theblackparlourtattoo.se\/wp-content\/uploads\/2025\/03\/472874816_18367212955190821_8423757607765391471_n.jpg 512w, https:\/\/theblackparlourtattoo.se\/wp-content\/uploads\/2025\/03\/472874816_18367212955190821_8423757607765391471_n-240x300.jpg 240w, https:\/\/theblackparlourtattoo.se\/wp-content\/uploads\/2025\/03\/472874816_18367212955190821_8423757607765391471_n-10x12.jpg 10w\" sizes=\"auto, (max-width: 512px) 100vw, 512px\" \/><\/figure>\n\n\n\n<h3 class=\"wp-block-heading has-text-align-center\" style=\"margin-top:16px\">Contact Information and Appointments<\/h3>\n\n\n\n<p class=\"has-text-align-center has-white-color has-text-color has-link-color wp-elements-57c7085a947fcde5d01c50ec1b82cc26\">To schedule an appointment or request more information about THE BL\u00c4CK PARLOUR, please visit Mieke\u2019s Instagram profile @mieketattoo or email theblackparlourtattoo@gmail.com<\/p>\n<\/div>\n<\/div>\n\n\n\n<div style=\"height:20px\" aria-hidden=\"true\" class=\"wp-block-spacer\"><\/div>\n<\/div>\n\n\n\n<hr class=\"wp-block-separator has-alpha-channel-opacity\" style=\"margin-top:var(--wp--preset--spacing--50);margin-bottom:var(--wp--preset--spacing--50)\"\/>\n\n\n\n<div style=\"height:100px\" aria-hidden=\"true\" class=\"wp-block-spacer\"><\/div>\n\n\n\n<h2 class=\"wp-block-heading has-text-align-center\">Reviews<\/h2>\n\n\n\t\t\t<script>\n\t\t\t\tvar JSDATA = {\"fontURL\":\"https:\\\/\\\/theblackparlourtattoo.se\\\/wp-content\\\/plugins\\\/easy-quotes\\\/fonts\\\/imprima\\\/v11\\\/imprima-1.ttf\",\"fontClassName\":\"imprima-1\",\"isCustomizer\":false,\"widgetId\":null};\n\t\t\t\tcreateStyleForFont(JSDATA.fontURL, JSDATA.fontClassName, JSDATA.isCustomizer, JSDATA.widgetId);\n\t\t\t<\/script>\n\t\t<div class=\"reviews wp-block-layart-quotes-block\">\n    \n            \n                \n        <div id=\"easy-quotes-0630cdb5-b0bd-46ab-8068-ff1da9725706\" \n             class=\"easy-quotes-rotation\"\n             data-rotation-speed=\"8\"\n             data-is-random-viewing-order=\"0\">\n            \n                            <div class=\"easy-quotes-quote\">\n                    <div class=\"la-rating\">        <svg style=\"position: absolute; height: 0; width: 0;\" aria-hidden=\"true\">\n            <defs>\n                <polygon \n                    id=\"star\" \n                    points=\"0,36.3 38.2,36.3 50,0 61.8,36.3 100,36.3 69.1,58.8 80.9,95.1 50,72.7 19.1,95.1 30.9,58.8\" \n                    stroke=\"rgb(221,168,33)\" \n                    stroke-width=\"8\" \n                    clip-path=\"url(#strokeInside)\"\n                ><\/polygon>\n                <clipPath id=\"strokeInside\">\n                    <use xlink:href=\"#star\"><\/use>\n                <\/clipPath>\n                <linearGradient id=\"partialFill\" x1=\"0%\" y1=\"0%\" x2=\"100%\" y2=\"0%\">\n                    <stop offset=\"0%\" style=\"stop-color:rgb(229,187,79); stop-opacity:1\"><\/stop>\n                    <stop offset=\"100%\" style=\"stop-color:rgb(255,255,255); stop-opacity:1\"><\/stop>\n                <\/linearGradient>\n                <linearGradient id=\"partialFill-1\" xlink:href=\"#partialFill\" x1=\"26%\" x2=\"26.1%\"><\/linearGradient>\n                <linearGradient id=\"partialFill-2\" xlink:href=\"#partialFill\" x1=\"32%\" x2=\"32.1%\"><\/linearGradient>\n                <linearGradient id=\"partialFill-3\" xlink:href=\"#partialFill\" x1=\"38%\" x2=\"38.1%\"><\/linearGradient>\n                <linearGradient id=\"partialFill-4\" xlink:href=\"#partialFill\" x1=\"44%\" x2=\"44.1%\"><\/linearGradient>\n                <linearGradient id=\"partialFill-5\" xlink:href=\"#partialFill\" x1=\"50%\" x2=\"50.1%\"><\/linearGradient>\n                <linearGradient id=\"partialFill-6\" xlink:href=\"#partialFill\" x1=\"56%\" x2=\"56.1%\"><\/linearGradient>\n                <linearGradient id=\"partialFill-7\" xlink:href=\"#partialFill\" x1=\"62%\" x2=\"62.1%\"><\/linearGradient>\n                <linearGradient id=\"partialFill-8\" xlink:href=\"#partialFill\" x1=\"68%\" x2=\"68.1%\"><\/linearGradient>\n                <linearGradient id=\"partialFill-9\" xlink:href=\"#partialFill\" x1=\"74%\" x2=\"74.1%\"><\/linearGradient>\n            <\/defs>\n        <\/svg>\n        \n        <svg class=\"la-rating-stars\" viewBox=\"0 0 500 100\">\n            \n        <use href=\"#star\"\n            class=\"star\"\n            x=\"0\"\n            fill=\"rgb(229,187,79)\"\n        ><\/use>\n        <use href=\"#star\"\n            class=\"star\"\n            x=\"100\"\n            fill=\"rgb(229,187,79)\"\n        ><\/use>\n        <use href=\"#star\"\n            class=\"star\"\n            x=\"200\"\n            fill=\"rgb(229,187,79)\"\n        ><\/use>\n        <use href=\"#star\"\n            class=\"star\"\n            x=\"300\"\n            fill=\"rgb(229,187,79)\"\n        ><\/use>\n        <use href=\"#star\"\n            class=\"star\"\n            x=\"400\"\n            fill=\"rgb(229,187,79)\"\n        ><\/use>\n            Sorry, your browser does not support inline SVG.\n        <\/svg><span>5.0 out of 5<\/span><\/div><div class=\"la-quote imprima-1\" style=\"font-size: 1.5em; line-height: 1.4em;\"><p>After many years I finally found someone I could trust to create my custom Journey tattoo.<br \/>\nLove the way we could combina several different albums and get MY tattoo the way I wanted it!<br \/>\n<img loading=\"lazy\" decoding=\"async\" class=\"alignnone size-medium wp-image-387\" src=\"https:\/\/theblackparlourtattoo.se\/wp-content\/uploads\/2025\/06\/503301323_18385258042190821_8668721608126069222_n-261x300.jpg\" alt=\"\" width=\"261\" height=\"300\" srcset=\"https:\/\/theblackparlourtattoo.se\/wp-content\/uploads\/2025\/06\/503301323_18385258042190821_8668721608126069222_n-261x300.jpg 261w, https:\/\/theblackparlourtattoo.se\/wp-content\/uploads\/2025\/06\/503301323_18385258042190821_8668721608126069222_n-10x12.jpg 10w, https:\/\/theblackparlourtattoo.se\/wp-content\/uploads\/2025\/06\/503301323_18385258042190821_8668721608126069222_n.jpg 290w\" sizes=\"auto, (max-width: 261px) 100vw, 261px\" \/><\/p>\n<\/div><div class=\"la-citation\">Janne<\/div>                <\/div>\n                            <div class=\"easy-quotes-quote\">\n                    <div class=\"la-rating\">\n        <svg class=\"la-rating-stars\" viewBox=\"0 0 500 100\">\n            \n        <use href=\"#star\"\n            class=\"star\"\n            x=\"0\"\n            fill=\"rgb(229,187,79)\"\n        ><\/use>\n        <use href=\"#star\"\n            class=\"star\"\n            x=\"100\"\n            fill=\"rgb(229,187,79)\"\n        ><\/use>\n        <use href=\"#star\"\n            class=\"star\"\n            x=\"200\"\n            fill=\"rgb(229,187,79)\"\n        ><\/use>\n        <use href=\"#star\"\n            class=\"star\"\n            x=\"300\"\n            fill=\"rgb(229,187,79)\"\n        ><\/use>\n        <use href=\"#star\"\n            class=\"star\"\n            x=\"400\"\n            fill=\"rgb(229,187,79)\"\n        ><\/use>\n            Sorry, your browser does not support inline SVG.\n        <\/svg><span>5.0 out of 5<\/span><\/div><div class=\"la-quote imprima-1\" style=\"font-size: 1.5em; line-height: 1.4em;\"><p>Had my 3rd tattoo done by Mieke (this one a cover up\/enhancement) on a 30 year old tattoo. The details are so sharp!!!Thank you!<\/p>\n<\/div><div class=\"la-citation\">Janne<\/div>                <\/div>\n                            <div class=\"easy-quotes-quote\">\n                    <div class=\"la-rating\">\n        <svg class=\"la-rating-stars\" viewBox=\"0 0 500 100\">\n            \n        <use href=\"#star\"\n            class=\"star\"\n            x=\"0\"\n            fill=\"rgb(229,187,79)\"\n        ><\/use>\n        <use href=\"#star\"\n            class=\"star\"\n            x=\"100\"\n            fill=\"rgb(229,187,79)\"\n        ><\/use>\n        <use href=\"#star\"\n            class=\"star\"\n            x=\"200\"\n            fill=\"rgb(229,187,79)\"\n        ><\/use>\n        <use href=\"#star\"\n            class=\"star\"\n            x=\"300\"\n            fill=\"rgb(229,187,79)\"\n        ><\/use>\n        <use href=\"#star\"\n            class=\"star\"\n            x=\"400\"\n            fill=\"rgb(229,187,79)\"\n        ><\/use>\n            Sorry, your browser does not support inline SVG.\n        <\/svg><span>5.0 out of 5<\/span><\/div><div class=\"la-quote imprima-1\" style=\"font-size: 1.5em; line-height: 1.4em;\"><p>My friend and I recently had the pleasure of getting tattooed by Mieke, and we can&#8217;t recommend her highly enough.<br \/>\nMieke did two cover ups that exceeded our expectations. From start to finish, her professionalism and skill were evident.<br \/>\nShe took the time to listen to our ideas and provided insightful suggestions, showing a deep knowledge of her craft. Throughout the process, she remained engaged and focused, making sure we were comfortable and satisfied every step of the way.<br \/>\nNot only is she incredible talented, but her charming personality also made the entire experience enjoyable. It&#8217;s rare to come across someone who combines such expertise with a warm, welcoming attitude.<br \/>\nIf you&#8217;re looking for a skilled, professional tattoo artist who truly cares about their work and their clients, Mieke is the one to go to!<\/p>\n<\/div><div class=\"la-citation\">menmirre<\/div>                <\/div>\n                            <div class=\"easy-quotes-quote\">\n                    <div class=\"la-rating\">\n        <svg class=\"la-rating-stars\" viewBox=\"0 0 500 100\">\n            \n        <use href=\"#star\"\n            class=\"star\"\n            x=\"0\"\n            fill=\"rgb(229,187,79)\"\n        ><\/use>\n        <use href=\"#star\"\n            class=\"star\"\n            x=\"100\"\n            fill=\"rgb(229,187,79)\"\n        ><\/use>\n        <use href=\"#star\"\n            class=\"star\"\n            x=\"200\"\n            fill=\"rgb(229,187,79)\"\n        ><\/use>\n        <use href=\"#star\"\n            class=\"star\"\n            x=\"300\"\n            fill=\"rgb(229,187,79)\"\n        ><\/use>\n        <use href=\"#star\"\n            class=\"star\"\n            x=\"400\"\n            fill=\"rgb(229,187,79)\"\n        ><\/use>\n            Sorry, your browser does not support inline SVG.\n        <\/svg><span>5.0 out of 5<\/span><\/div><div class=\"la-quote imprima-1\" style=\"font-size: 1.5em; line-height: 1.4em;\"><p>Fantastic! Professional, supportive and thorough. Awesome results. Incredibly talented.<\/p>\n<\/div><div class=\"la-citation\">Patrik Gustafsson<\/div>                <\/div>\n                            <div class=\"easy-quotes-quote\">\n                    <div class=\"la-rating\">\n        <svg class=\"la-rating-stars\" viewBox=\"0 0 500 100\">\n            \n        <use href=\"#star\"\n            class=\"star\"\n            x=\"0\"\n            fill=\"rgb(229,187,79)\"\n        ><\/use>\n        <use href=\"#star\"\n            class=\"star\"\n            x=\"100\"\n            fill=\"rgb(229,187,79)\"\n        ><\/use>\n        <use href=\"#star\"\n            class=\"star\"\n            x=\"200\"\n            fill=\"rgb(229,187,79)\"\n        ><\/use>\n        <use href=\"#star\"\n            class=\"star\"\n            x=\"300\"\n            fill=\"rgb(229,187,79)\"\n        ><\/use>\n        <use href=\"#star\"\n            class=\"star\"\n            x=\"400\"\n            fill=\"rgb(229,187,79)\"\n        ><\/use>\n            Sorry, your browser does not support inline SVG.\n        <\/svg><span>5.0 out of 5<\/span><\/div><div class=\"la-quote imprima-1\" style=\"font-size: 1.5em; line-height: 1.4em;\"><p>Thank you so much!<\/p>\n<\/div><div class=\"la-citation\">Hanna J<\/div>                <\/div>\n                            <div class=\"easy-quotes-quote\">\n                    <div class=\"la-rating\">\n        <svg class=\"la-rating-stars\" viewBox=\"0 0 500 100\">\n            \n        <use href=\"#star\"\n            class=\"star\"\n            x=\"0\"\n            fill=\"rgb(229,187,79)\"\n        ><\/use>\n        <use href=\"#star\"\n            class=\"star\"\n            x=\"100\"\n            fill=\"rgb(229,187,79)\"\n        ><\/use>\n        <use href=\"#star\"\n            class=\"star\"\n            x=\"200\"\n            fill=\"rgb(229,187,79)\"\n        ><\/use>\n        <use href=\"#star\"\n            class=\"star\"\n            x=\"300\"\n            fill=\"rgb(229,187,79)\"\n        ><\/use>\n        <use href=\"#star\"\n            class=\"star\"\n            x=\"400\"\n            fill=\"rgb(229,187,79)\"\n        ><\/use>\n            Sorry, your browser does not support inline SVG.\n        <\/svg><span>5.0 out of 5<\/span><\/div><div class=\"la-quote imprima-1\" style=\"font-size: 1.5em; line-height: 1.4em;\"><p>Thank you so much Mieke. I had a great time and I got awesome tattoo. I&#8217;m in love with it. See u soon<\/p>\n<\/div><div class=\"la-citation\">Zeljka Modrusan<\/div>                <\/div>\n                            <div class=\"easy-quotes-quote\">\n                    <div class=\"la-rating\">\n        <svg class=\"la-rating-stars\" viewBox=\"0 0 500 100\">\n            \n        <use href=\"#star\"\n            class=\"star\"\n            x=\"0\"\n            fill=\"rgb(229,187,79)\"\n        ><\/use>\n        <use href=\"#star\"\n            class=\"star\"\n            x=\"100\"\n            fill=\"rgb(229,187,79)\"\n        ><\/use>\n        <use href=\"#star\"\n            class=\"star\"\n            x=\"200\"\n            fill=\"rgb(229,187,79)\"\n        ><\/use>\n        <use href=\"#star\"\n            class=\"star\"\n            x=\"300\"\n            fill=\"rgb(229,187,79)\"\n        ><\/use>\n        <use href=\"#star\"\n            class=\"star\"\n            x=\"400\"\n            fill=\"rgb(229,187,79)\"\n        ><\/use>\n            Sorry, your browser does not support inline SVG.\n        <\/svg><span>5.0 out of 5<\/span><\/div><div class=\"la-quote imprima-1\" style=\"font-size: 1.5em; line-height: 1.4em;\"><p>Mieke is so talanted and professional! She made me feel so comfortable. She puts so much energy and time into drawing up her designs. You will not find another tattoo artist like her in the world! I have many other tattoos from different places and artists but the one she gave me is my favourite. Thank you Mieke.<\/p>\n<\/div><div class=\"la-citation\">Kaitlin<\/div>                <\/div>\n                            <div class=\"easy-quotes-quote\">\n                    <div class=\"la-rating\">\n        <svg class=\"la-rating-stars\" viewBox=\"0 0 500 100\">\n            \n        <use href=\"#star\"\n            class=\"star\"\n            x=\"0\"\n            fill=\"rgb(229,187,79)\"\n        ><\/use>\n        <use href=\"#star\"\n            class=\"star\"\n            x=\"100\"\n            fill=\"rgb(229,187,79)\"\n        ><\/use>\n        <use href=\"#star\"\n            class=\"star\"\n            x=\"200\"\n            fill=\"rgb(229,187,79)\"\n        ><\/use>\n        <use href=\"#star\"\n            class=\"star\"\n            x=\"300\"\n            fill=\"rgb(229,187,79)\"\n        ><\/use>\n        <use href=\"#star\"\n            class=\"star\"\n            x=\"400\"\n            fill=\"rgb(229,187,79)\"\n        ><\/use>\n            Sorry, your browser does not support inline SVG.\n        <\/svg><span>5.0 out of 5<\/span><\/div><div class=\"la-quote imprima-1\" style=\"font-size: 1.5em; line-height: 1.4em;\"><p>Mieke is the best in the whole world!<\/p>\n<\/div><div class=\"la-citation\">Ester Helena<\/div>                <\/div>\n                            <div class=\"easy-quotes-quote\">\n                    <div class=\"la-rating\">\n        <svg class=\"la-rating-stars\" viewBox=\"0 0 500 100\">\n            \n        <use href=\"#star\"\n            class=\"star\"\n            x=\"0\"\n            fill=\"rgb(229,187,79)\"\n        ><\/use>\n        <use href=\"#star\"\n            class=\"star\"\n            x=\"100\"\n            fill=\"rgb(229,187,79)\"\n        ><\/use>\n        <use href=\"#star\"\n            class=\"star\"\n            x=\"200\"\n            fill=\"rgb(229,187,79)\"\n        ><\/use>\n        <use href=\"#star\"\n            class=\"star\"\n            x=\"300\"\n            fill=\"rgb(229,187,79)\"\n        ><\/use>\n        <use href=\"#star\"\n            class=\"star\"\n            x=\"400\"\n            fill=\"rgb(229,187,79)\"\n        ><\/use>\n            Sorry, your browser does not support inline SVG.\n        <\/svg><span>5.0 out of 5<\/span><\/div><div class=\"la-quote imprima-1\" style=\"font-size: 1.5em; line-height: 1.4em;\"><p>Great focus on details and really open hearted about ideas and how to get the best possible outcome!<\/p>\n<\/div><div class=\"la-citation\">Janne<\/div>                <\/div>\n                    <\/div>\n        \n        <script>\n            document.addEventListener('DOMContentLoaded', function() {\n                startRotation('easy-quotes-0630cdb5-b0bd-46ab-8068-ff1da9725706');\n            });\n        <\/script>\n        \n        \n<\/div>\n\n\n\n\n<div style=\"height:100px\" aria-hidden=\"true\" class=\"wp-block-spacer\"><\/div>\n\n\n\n<hr class=\"wp-block-separator has-alpha-channel-opacity\" style=\"margin-top:var(--wp--preset--spacing--50);margin-bottom:var(--wp--preset--spacing--50)\"\/>\n\n\n\n<div style=\"height:100px\" aria-hidden=\"true\" class=\"wp-block-spacer\"><\/div>\n\n\n\t\t<div id=\"instagram-gallery-feed-0\" class=\"instagram-gallery-feed\" data-feed=\"{&quot;id&quot;:0,&quot;account_id&quot;:&quot;9869364899740786&quot;,&quot;source&quot;:&quot;username&quot;,&quot;tag&quot;:&quot;wordpress&quot;,&quot;order_by&quot;:&quot;top_media&quot;,&quot;layout&quot;:&quot;carousel&quot;,&quot;limit&quot;:12,&quot;columns&quot;:3,&quot;spacing&quot;:10,&quot;lazy&quot;:false,&quot;responsive&quot;:{&quot;desktop&quot;:{&quot;columns&quot;:3,&quot;spacing&quot;:10},&quot;tablet&quot;:{&quot;columns&quot;:2,&quot;spacing&quot;:8},&quot;mobile&quot;:{&quot;columns&quot;:1,&quot;spacing&quot;:6},&quot;breakpoints&quot;:{&quot;tablet&quot;:768,&quot;mobile&quot;:480}},&quot;aspect_ratio&quot;:{&quot;width&quot;:1,&quot;height&quot;:1},&quot;highlight&quot;:{&quot;tag&quot;:&quot;&quot;,&quot;id&quot;:&quot;&quot;,&quot;position&quot;:&quot;1,3,5&quot;},&quot;reel&quot;:{&quot;hide&quot;:true},&quot;copyright&quot;:{&quot;hide&quot;:false,&quot;placeholder&quot;:&quot;&quot;},&quot;profile&quot;:{&quot;display&quot;:false,&quot;username&quot;:&quot;&quot;,&quot;nickname&quot;:&quot;&quot;,&quot;website&quot;:&quot;&quot;,&quot;biography&quot;:&quot;&quot;,&quot;link_text&quot;:&quot;Follow&quot;,&quot;website_text&quot;:&quot;Website&quot;,&quot;avatar&quot;:&quot;&quot;},&quot;box&quot;:{&quot;display&quot;:false,&quot;padding&quot;:1,&quot;radius&quot;:0,&quot;background&quot;:&quot;#fefefe&quot;,&quot;profile&quot;:false,&quot;desc&quot;:&quot;&quot;,&quot;text_color&quot;:&quot;#000000&quot;},&quot;mask&quot;:{&quot;display&quot;:true,&quot;background&quot;:&quot;#000000&quot;,&quot;icon_color&quot;:&quot;#ffffff&quot;,&quot;likes_count&quot;:true,&quot;comments_count&quot;:true},&quot;card&quot;:{&quot;display&quot;:false,&quot;radius&quot;:1,&quot;font_size&quot;:12,&quot;background&quot;:&quot;#ffffff&quot;,&quot;background_hover&quot;:&quot;&quot;,&quot;text_color&quot;:&quot;#000000&quot;,&quot;padding&quot;:5,&quot;likes_count&quot;:false,&quot;text_length&quot;:10,&quot;comments_count&quot;:false,&quot;text_align&quot;:&quot;left&quot;},&quot;carousel&quot;:{&quot;centered_slides&quot;:false,&quot;autoplay&quot;:false,&quot;autoplay_interval&quot;:3000,&quot;navarrows&quot;:true,&quot;navarrows_color&quot;:&quot;&quot;,&quot;pagination&quot;:true,&quot;pagination_color&quot;:&quot;&quot;},&quot;modal&quot;:{&quot;display&quot;:true,&quot;profile&quot;:true,&quot;media_description&quot;:true,&quot;likes_count&quot;:true,&quot;comments_count&quot;:true,&quot;comments_list&quot;:false,&quot;text_align&quot;:&quot;left&quot;,&quot;modal_align&quot;:&quot;right&quot;,&quot;text_length&quot;:10000,&quot;font_size&quot;:12},&quot;button&quot;:{&quot;display&quot;:true,&quot;text&quot;:&quot;View on Instagram&quot;,&quot;text_color&quot;:&quot;#fcb900&quot;,&quot;background&quot;:&quot;#000000&quot;,&quot;background_hover&quot;:&quot;&quot;},&quot;button_load&quot;:{&quot;display&quot;:false,&quot;text&quot;:&quot;Load more...&quot;,&quot;text_color&quot;:&quot;#ffff&quot;,&quot;background&quot;:&quot;&quot;,&quot;background_hover&quot;:&quot;&quot;}}\">\n\t\t<!-- <FeedContainer\/> -->\n\t\t<\/div>\n\t\t\n\n\n\n<div style=\"height:100px\" aria-hidden=\"true\" class=\"wp-block-spacer\"><\/div>\n","protected":false},"excerpt":{"rendered":"<p>The studio in g\u00f6teborg Book now! To ensure the best possible experience, we recommend booking an appointment in advance, especially [&hellip;]<\/p>\n","protected":false},"author":1,"featured_media":0,"parent":0,"menu_order":0,"comment_status":"closed","ping_status":"closed","template":"","meta":{"site-sidebar-layout":"no-sidebar","site-content-layout":"plain-container","ast-site-content-layout":"","site-content-style":"default","site-sidebar-style":"default","ast-global-header-display":"","ast-banner-title-visibility":"","ast-main-header-display":"","ast-hfb-above-header-display":"","ast-hfb-below-header-display":"","ast-hfb-mobile-header-display":"","site-post-title":"disabled","ast-breadcrumbs-content":"","ast-featured-img":"","footer-sml-layout":"","ast-disable-related-posts":"","theme-transparent-header-meta":"disabled","adv-header-id-meta":"","stick-header-meta":"","header-above-stick-meta":"","header-main-stick-meta":"","header-below-stick-meta":"","astra-migrate-meta-layouts":"default","ast-page-background-enabled":"default","ast-page-background-meta":{"desktop":{"background-color":"var(--ast-global-color-5)","background-image":"","background-repeat":"repeat","background-position":"center center","background-size":"auto","background-attachment":"scroll","background-type":"","background-media":"","overlay-type":"","overlay-color":"","overlay-opacity":"","overlay-gradient":""},"tablet":{"background-color":"","background-image":"","background-repeat":"repeat","background-position":"center center","background-size":"auto","background-attachment":"scroll","background-type":"","background-media":"","overlay-type":"","overlay-color":"","overlay-opacity":"","overlay-gradient":""},"mobile":{"background-color":"","background-image":"","background-repeat":"repeat","background-position":"center center","background-size":"auto","background-attachment":"scroll","background-type":"","background-media":"","overlay-type":"","overlay-color":"","overlay-opacity":"","overlay-gradient":""}},"ast-content-background-meta":{"desktop":{"background-color":"var(--ast-global-color-4)","background-image":"","background-repeat":"repeat","background-position":"center center","background-size":"auto","background-attachment":"scroll","background-type":"","background-media":"","overlay-type":"","overlay-color":"","overlay-opacity":"","overlay-gradient":""},"tablet":{"background-color":"var(--ast-global-color-4)","background-image":"","background-repeat":"repeat","background-position":"center center","background-size":"auto","background-attachment":"scroll","background-type":"","background-media":"","overlay-type":"","overlay-color":"","overlay-opacity":"","overlay-gradient":""},"mobile":{"background-color":"var(--ast-global-color-4)","background-image":"","background-repeat":"repeat","background-position":"center center","background-size":"auto","background-attachment":"scroll","background-type":"","background-media":"","overlay-type":"","overlay-color":"","overlay-opacity":"","overlay-gradient":""}},"pgc_sgb_lightbox_settings":"","footnotes":""},"class_list":["post-8","page","type-page","status-publish","hentry"],"yoast_head":"<!-- This site is optimized with the Yoast SEO plugin v27.4 - https:\/\/yoast.com\/product\/yoast-seo-wordpress\/ -->\n<title>The Bl\u00e4ck Parlour Tattoo G\u00f6teborg<\/title>\n<meta name=\"description\" content=\"THE BL\u00c4CK PARLOUR TATTOO G\u00f6teborg is a Tattoo Parlour owned by Mieke De Vlieger, with seven years of experience in the world of tattooing.\" \/>\n<meta name=\"robots\" content=\"index, follow, max-snippet:-1, max-image-preview:large, max-video-preview:-1\" \/>\n<link rel=\"canonical\" href=\"https:\/\/theblackparlourtattoo.se\/en\/\" \/>\n<meta property=\"og:locale\" content=\"en_GB\" \/>\n<meta property=\"og:type\" content=\"article\" \/>\n<meta property=\"og:title\" content=\"The Bl\u00e4ck Parlour Tattoo G\u00f6teborg\" \/>\n<meta property=\"og:description\" content=\"THE BL\u00c4CK PARLOUR TATTOO G\u00f6teborg is a Tattoo Parlour owned by Mieke De Vlieger, with seven years of experience in the world of tattooing.\" \/>\n<meta property=\"og:url\" content=\"https:\/\/theblackparlourtattoo.se\/en\/\" \/>\n<meta property=\"og:site_name\" content=\"The Bl\u00e4ck Parlour Tattoo\" \/>\n<meta property=\"article:publisher\" content=\"https:\/\/www.facebook.com\/profile.php?id=61563812805648\" \/>\n<meta property=\"article:modified_time\" content=\"2026-02-13T12:06:02+00:00\" \/>\n<meta property=\"og:image\" content=\"https:\/\/theblackparlourtattoo.se\/wp-content\/uploads\/2025\/03\/Skarmbild-2025-03-03-154222.jpg\" \/>\n\t<meta property=\"og:image:width\" content=\"947\" \/>\n\t<meta property=\"og:image:height\" content=\"1187\" \/>\n\t<meta property=\"og:image:type\" content=\"image\/jpeg\" \/>\n<meta name=\"twitter:card\" content=\"summary_large_image\" \/>\n<meta name=\"twitter:label1\" content=\"Estimated reading time\" \/>\n\t<meta name=\"twitter:data1\" content=\"2 minutes\" \/>\n<script type=\"application\/ld+json\" class=\"yoast-schema-graph\">{\"@context\":\"https:\\\/\\\/schema.org\",\"@graph\":[{\"@type\":\"WebPage\",\"@id\":\"https:\\\/\\\/theblackparlourtattoo.se\\\/\",\"url\":\"https:\\\/\\\/theblackparlourtattoo.se\\\/\",\"name\":\"The Bl\u00e4ck Parlour Tattoo G\u00f6teborg\",\"isPartOf\":{\"@id\":\"https:\\\/\\\/theblackparlourtattoo.se\\\/#website\"},\"primaryImageOfPage\":{\"@id\":\"https:\\\/\\\/theblackparlourtattoo.se\\\/#primaryimage\"},\"image\":{\"@id\":\"https:\\\/\\\/theblackparlourtattoo.se\\\/#primaryimage\"},\"thumbnailUrl\":\"https:\\\/\\\/theblackparlourtattoo.se\\\/wp-content\\\/uploads\\\/2025\\\/03\\\/Skarmbild-2025-03-03-154222-817x1024.jpg\",\"datePublished\":\"2025-03-04T09:33:40+00:00\",\"dateModified\":\"2026-02-13T12:06:02+00:00\",\"description\":\"THE BL\u00c4CK PARLOUR TATTOO G\u00f6teborg is a Tattoo Parlour owned by Mieke De Vlieger, with seven years of experience in the world of tattooing.\",\"breadcrumb\":{\"@id\":\"https:\\\/\\\/theblackparlourtattoo.se\\\/#breadcrumb\"},\"inLanguage\":\"en-GB\",\"potentialAction\":[{\"@type\":\"ReadAction\",\"target\":[\"https:\\\/\\\/theblackparlourtattoo.se\\\/\"]}]},{\"@type\":\"ImageObject\",\"inLanguage\":\"en-GB\",\"@id\":\"https:\\\/\\\/theblackparlourtattoo.se\\\/#primaryimage\",\"url\":\"https:\\\/\\\/theblackparlourtattoo.se\\\/wp-content\\\/uploads\\\/2025\\\/03\\\/Skarmbild-2025-03-03-154222-817x1024.jpg\",\"contentUrl\":\"https:\\\/\\\/theblackparlourtattoo.se\\\/wp-content\\\/uploads\\\/2025\\\/03\\\/Skarmbild-2025-03-03-154222-817x1024.jpg\"},{\"@type\":\"BreadcrumbList\",\"@id\":\"https:\\\/\\\/theblackparlourtattoo.se\\\/#breadcrumb\",\"itemListElement\":[{\"@type\":\"ListItem\",\"position\":1,\"name\":\"Home\",\"item\":\"https:\\\/\\\/theblackparlourtattoo.se\\\/\"},{\"@type\":\"ListItem\",\"position\":2,\"name\":\"Home\"}]},{\"@type\":\"WebSite\",\"@id\":\"https:\\\/\\\/theblackparlourtattoo.se\\\/#website\",\"url\":\"https:\\\/\\\/theblackparlourtattoo.se\\\/\",\"name\":\"The Bl\u00e4ck Parlour Tattoo\",\"description\":\"THE BLACK PARLOUR TATTOO\",\"publisher\":{\"@id\":\"https:\\\/\\\/theblackparlourtattoo.se\\\/#organization\"},\"potentialAction\":[{\"@type\":\"SearchAction\",\"target\":{\"@type\":\"EntryPoint\",\"urlTemplate\":\"https:\\\/\\\/theblackparlourtattoo.se\\\/?s={search_term_string}\"},\"query-input\":{\"@type\":\"PropertyValueSpecification\",\"valueRequired\":true,\"valueName\":\"search_term_string\"}}],\"inLanguage\":\"en-GB\"},{\"@type\":\"Organization\",\"@id\":\"https:\\\/\\\/theblackparlourtattoo.se\\\/#organization\",\"name\":\"The Bl\u00e4ck Parlour Tattoo\",\"url\":\"https:\\\/\\\/theblackparlourtattoo.se\\\/\",\"logo\":{\"@type\":\"ImageObject\",\"inLanguage\":\"en-GB\",\"@id\":\"https:\\\/\\\/theblackparlourtattoo.se\\\/#\\\/schema\\\/logo\\\/image\\\/\",\"url\":\"https:\\\/\\\/theblackparlourtattoo.se\\\/wp-content\\\/uploads\\\/2025\\\/03\\\/The-Black-Parlour-logo-transparent-.png\",\"contentUrl\":\"https:\\\/\\\/theblackparlourtattoo.se\\\/wp-content\\\/uploads\\\/2025\\\/03\\\/The-Black-Parlour-logo-transparent-.png\",\"width\":2048,\"height\":2048,\"caption\":\"The Bl\u00e4ck Parlour Tattoo\"},\"image\":{\"@id\":\"https:\\\/\\\/theblackparlourtattoo.se\\\/#\\\/schema\\\/logo\\\/image\\\/\"},\"sameAs\":[\"https:\\\/\\\/www.facebook.com\\\/profile.php?id=61563812805648\",\"https:\\\/\\\/www.instagram.com\\\/theblackparlourtattoo\\\/\"]}]}<\/script>\n<!-- \/ Yoast SEO plugin. -->","yoast_head_json":{"title":"The Bl\u00e4ck Parlour Tattoo G\u00f6teborg","description":"THE BL\u00c4CK PARLOUR TATTOO G\u00f6teborg is a Tattoo Parlour owned by Mieke De Vlieger, with seven years of experience in the world of tattooing.","robots":{"index":"index","follow":"follow","max-snippet":"max-snippet:-1","max-image-preview":"max-image-preview:large","max-video-preview":"max-video-preview:-1"},"canonical":"https:\/\/theblackparlourtattoo.se\/en\/","og_locale":"en_GB","og_type":"article","og_title":"The Bl\u00e4ck Parlour Tattoo G\u00f6teborg","og_description":"THE BL\u00c4CK PARLOUR TATTOO G\u00f6teborg is a Tattoo Parlour owned by Mieke De Vlieger, with seven years of experience in the world of tattooing.","og_url":"https:\/\/theblackparlourtattoo.se\/en\/","og_site_name":"The Bl\u00e4ck Parlour Tattoo","article_publisher":"https:\/\/www.facebook.com\/profile.php?id=61563812805648","article_modified_time":"2026-02-13T12:06:02+00:00","og_image":[{"width":947,"height":1187,"url":"https:\/\/theblackparlourtattoo.se\/wp-content\/uploads\/2025\/03\/Skarmbild-2025-03-03-154222.jpg","type":"image\/jpeg"}],"twitter_card":"summary_large_image","twitter_misc":{"Estimated reading time":"2 minutes"},"schema":{"@context":"https:\/\/schema.org","@graph":[{"@type":"WebPage","@id":"https:\/\/theblackparlourtattoo.se\/","url":"https:\/\/theblackparlourtattoo.se\/","name":"The Bl\u00e4ck Parlour Tattoo G\u00f6teborg","isPartOf":{"@id":"https:\/\/theblackparlourtattoo.se\/#website"},"primaryImageOfPage":{"@id":"https:\/\/theblackparlourtattoo.se\/#primaryimage"},"image":{"@id":"https:\/\/theblackparlourtattoo.se\/#primaryimage"},"thumbnailUrl":"https:\/\/theblackparlourtattoo.se\/wp-content\/uploads\/2025\/03\/Skarmbild-2025-03-03-154222-817x1024.jpg","datePublished":"2025-03-04T09:33:40+00:00","dateModified":"2026-02-13T12:06:02+00:00","description":"THE BL\u00c4CK PARLOUR TATTOO G\u00f6teborg is a Tattoo Parlour owned by Mieke De Vlieger, with seven years of experience in the world of tattooing.","breadcrumb":{"@id":"https:\/\/theblackparlourtattoo.se\/#breadcrumb"},"inLanguage":"en-GB","potentialAction":[{"@type":"ReadAction","target":["https:\/\/theblackparlourtattoo.se\/"]}]},{"@type":"ImageObject","inLanguage":"en-GB","@id":"https:\/\/theblackparlourtattoo.se\/#primaryimage","url":"https:\/\/theblackparlourtattoo.se\/wp-content\/uploads\/2025\/03\/Skarmbild-2025-03-03-154222-817x1024.jpg","contentUrl":"https:\/\/theblackparlourtattoo.se\/wp-content\/uploads\/2025\/03\/Skarmbild-2025-03-03-154222-817x1024.jpg"},{"@type":"BreadcrumbList","@id":"https:\/\/theblackparlourtattoo.se\/#breadcrumb","itemListElement":[{"@type":"ListItem","position":1,"name":"Home","item":"https:\/\/theblackparlourtattoo.se\/"},{"@type":"ListItem","position":2,"name":"Home"}]},{"@type":"WebSite","@id":"https:\/\/theblackparlourtattoo.se\/#website","url":"https:\/\/theblackparlourtattoo.se\/","name":"The Bl\u00e4ck Parlour Tattoo","description":"THE BLACK PARLOUR TATTOO","publisher":{"@id":"https:\/\/theblackparlourtattoo.se\/#organization"},"potentialAction":[{"@type":"SearchAction","target":{"@type":"EntryPoint","urlTemplate":"https:\/\/theblackparlourtattoo.se\/?s={search_term_string}"},"query-input":{"@type":"PropertyValueSpecification","valueRequired":true,"valueName":"search_term_string"}}],"inLanguage":"en-GB"},{"@type":"Organization","@id":"https:\/\/theblackparlourtattoo.se\/#organization","name":"The Bl\u00e4ck Parlour Tattoo","url":"https:\/\/theblackparlourtattoo.se\/","logo":{"@type":"ImageObject","inLanguage":"en-GB","@id":"https:\/\/theblackparlourtattoo.se\/#\/schema\/logo\/image\/","url":"https:\/\/theblackparlourtattoo.se\/wp-content\/uploads\/2025\/03\/The-Black-Parlour-logo-transparent-.png","contentUrl":"https:\/\/theblackparlourtattoo.se\/wp-content\/uploads\/2025\/03\/The-Black-Parlour-logo-transparent-.png","width":2048,"height":2048,"caption":"The Bl\u00e4ck Parlour Tattoo"},"image":{"@id":"https:\/\/theblackparlourtattoo.se\/#\/schema\/logo\/image\/"},"sameAs":["https:\/\/www.facebook.com\/profile.php?id=61563812805648","https:\/\/www.instagram.com\/theblackparlourtattoo\/"]}]}},"_links":{"self":[{"href":"https:\/\/theblackparlourtattoo.se\/en\/wp-json\/wp\/v2\/pages\/8","targetHints":{"allow":["GET"]}}],"collection":[{"href":"https:\/\/theblackparlourtattoo.se\/en\/wp-json\/wp\/v2\/pages"}],"about":[{"href":"https:\/\/theblackparlourtattoo.se\/en\/wp-json\/wp\/v2\/types\/page"}],"author":[{"embeddable":true,"href":"https:\/\/theblackparlourtattoo.se\/en\/wp-json\/wp\/v2\/users\/1"}],"replies":[{"embeddable":true,"href":"https:\/\/theblackparlourtattoo.se\/en\/wp-json\/wp\/v2\/comments?post=8"}],"version-history":[{"count":53,"href":"https:\/\/theblackparlourtattoo.se\/en\/wp-json\/wp\/v2\/pages\/8\/revisions"}],"predecessor-version":[{"id":404,"href":"https:\/\/theblackparlourtattoo.se\/en\/wp-json\/wp\/v2\/pages\/8\/revisions\/404"}],"wp:attachment":[{"href":"https:\/\/theblackparlourtattoo.se\/en\/wp-json\/wp\/v2\/media?parent=8"}],"curies":[{"name":"wp","href":"https:\/\/api.w.org\/{rel}","templated":true}]}}